{"id":238,"date":"2016-11-04T09:36:04","date_gmt":"2016-11-04T12:36:04","guid":{"rendered":"http:\/\/192.168.1.190\/hospitalonativia\/?page_id=238"},"modified":"2017-09-26T22:40:16","modified_gmt":"2017-09-27T01:40:16","slug":"programa-salud","status":"publish","type":"page","link":"https:\/\/www.hospitalonativia.gob.ar\/?page_id=238","title":{"rendered":"Programa Salud"},"content":{"rendered":"<p>JEFA DE PROGRAMA: Dra. Florencia Soto Campos<\/p>\n<p>JEFA DE SECTOR EPIDEMIOLOG\u00cdA Y CALIDAD: Lic. Paula Carolina Carrizo<\/p>\n<h3>Misi\u00f3n<\/h3>\n<p>Coordinar las actividades de promoci\u00f3n de la salud\u00a0 y prevenci\u00f3n de enfermedades para la poblaci\u00f3n de alto riesgo y capacitaci\u00f3n continua para los profesionales de la salud mediante diversas estrategias formativas.<\/p>\n<h3>Visi\u00f3n<\/h3>\n<p>Brindar a la poblaci\u00f3n y a los profesionales las herramientas necesarias para mejorar la calidad de vida e incrementar la adherencia al tratamiento.<\/p>\n<h3><u>Cartera de Servicios<\/u><\/h3>\n<table>\n<tbody>\n<tr>\n<td width=\"380\">Actividades<\/td>\n<td width=\"223\">Responsables<\/td>\n<\/tr>\n<tr>\n<td width=\"380\">\n<ul>\n<li>Talleres de Autocuidado para personas con diabetes y sus familias. Los \u00faltimos mi\u00e9rcoles de cada mes. A Hs: 10:00.<\/li>\n<\/ul>\n<\/td>\n<td width=\"223\">Dra. Florencia Soto.<\/p>\n<p>Colaboraci\u00f3n Grupo PANDIS<\/td>\n<\/tr>\n<tr>\n<td width=\"380\">\n<ul>\n<li>Proyecto de Obesidad y Prevenci\u00f3n factores de riesgos cardiovasculares en forma conjunta con la Polic\u00eda de la Provincia de Salta. Se desarrolla los primeros martes de cada mes. Hs: 9:00. En el C\u00edrculo de Suboficiales de la Provincia de Salta.<\/li>\n<\/ul>\n<\/td>\n<td width=\"223\">Dra. Florencia Soto.<\/td>\n<\/tr>\n<tr>\n<td width=\"380\">\n<ul>\n<li>Proyecto de Prevenci\u00f3n de Pie Diab\u00e9tico en Primer Nivel de Atenci\u00f3n en forma conjunta con la Direcci\u00f3n de Enfermedades No Trasmisibles del Adulto. Se desarrolla los d\u00edas viernes en el Centro de Salud N\u00ba 63. Hs: 9:00.<\/li>\n<\/ul>\n<\/td>\n<td width=\"223\">Dra. Florencia Soto<\/p>\n<p>&nbsp;<\/td>\n<\/tr>\n<tr>\n<td width=\"380\">\n<ul>\n<li>Talleres de Verano de Diabetes. Mes de enero y febrero.<\/li>\n<\/ul>\n<\/td>\n<td width=\"223\">Dra. Florencia Soto<\/td>\n<\/tr>\n<tr>\n<td width=\"380\">\n<ul>\n<li>D\u00eda Mundial de la Tiroides.<\/li>\n<\/ul>\n<\/td>\n<td width=\"223\">Servicio de Endocrinolog\u00eda.<\/p>\n<p>Colaboraci\u00f3n Dra. Florencia Soto.<\/td>\n<\/tr>\n<tr>\n<td width=\"380\">\n<ul>\n<li>D\u00eda Mundial del Ri\u00f1\u00f3n<\/li>\n<\/ul>\n<\/td>\n<td width=\"223\">Servicio de Nefrolog\u00eda.<\/p>\n<p>Colaboraci\u00f3n Dra. Florencia Soto.<\/td>\n<\/tr>\n<tr>\n<td width=\"380\">\n<ul>\n<li>D\u00eda Mundial de la Hepatitis<\/li>\n<\/ul>\n<\/td>\n<td width=\"223\">Dr. Sebasti\u00e1n Figueroa y Dra. Florencia Soto.<\/td>\n<\/tr>\n<tr>\n<td width=\"380\">\n<ul>\n<li>Trabajo conjunto \u201cVoluntarios en Salud\u201d con el Colegio de M\u00e9dicos de la Provincia de Salta, Hospital Materno Infantil. Charlas de prevenci\u00f3n a la comunidad.<\/li>\n<\/ul>\n<\/td>\n<td width=\"223\">Dra. Florencia Soto.<\/td>\n<\/tr>\n<tr>\n<td width=\"380\">\n<ul>\n<li>Reportes Epidemiol\u00f3gicos.<\/li>\n<\/ul>\n<\/td>\n<td width=\"223\">Lic. Paula Carrizo<\/td>\n<\/tr>\n<tr>\n<td width=\"380\">\n<ul>\n<li>Taller de Prevenci\u00f3n de Diabetes multidisciplinario. Se llevan a cabo en el interior de la provincia. En forma anual.<\/li>\n<\/ul>\n<\/td>\n<td width=\"223\">Dra. Florencia Soto.<\/p>\n<p>Dra. Gloria de Freijo.<\/p>\n<p>Grupo PANDIS<\/p>\n<p>Colaboraci\u00f3n:<\/p>\n<p>Lic. Virginia Pamparana.<\/p>\n<p>Prof. Nelson Vel\u00e1zquez.<\/p>\n<p>Cheff \u00a0Luly L\u00f3pez Arias.<\/td>\n<\/tr>\n<tr>\n<td width=\"380\">\n<ul>\n<li>Examen f\u00edsico pre-competitivo de jinetes para torneos. Anual<\/li>\n<\/ul>\n<\/td>\n<td width=\"223\">Dra. Florencia Soto. Colaboraci\u00f3n Laboratorio, Cardiolog\u00eda.<\/td>\n<\/tr>\n<tr>\n<td width=\"380\">\n<ul>\n<li>D\u00eda Mundial de la Diabetes<\/li>\n<\/ul>\n<p>Anual<\/td>\n<td width=\"223\">Programa de Nutrici\u00f3n Cl\u00ednica<\/p>\n<p>Programa de Salud<\/td>\n<\/tr>\n<tr>\n<td width=\"380\">\n<ul>\n<li>Organizaci\u00f3n y colaboraci\u00f3n de cursos de capacitaci\u00f3n para p\u00fablico general y profesionales<\/li>\n<\/ul>\n<\/td>\n<td width=\"223\">Programas del Hospital O\u00f1ativia<\/td>\n<\/tr>\n<tr>\n<td width=\"380\">\n<ul>\n<li>Charlas de prevenci\u00f3n de c\u00e1ncer de mama. Anual<\/li>\n<\/ul>\n<\/td>\n<td width=\"223\">Dr. Saravia Toledo<\/td>\n<\/tr>\n<tr>\n<td width=\"380\">\n<ul>\n<li>Consultorio de Curaci\u00f3n de Heridas<\/li>\n<\/ul>\n<\/td>\n<td width=\"223\">Lic. Paula Carrizo<\/td>\n<\/tr>\n<tr>\n<td width=\"380\">\n<ul>\n<li>Capacitaci\u00f3n en Curaci\u00f3n de Heridas Cr\u00f3nicas.<\/li>\n<\/ul>\n<\/td>\n<td width=\"223\">Lic. Paula Carrizo<\/td>\n<\/tr>\n<\/tbody>\n<\/table>\n<p>&nbsp;<\/p>\n","protected":false},"excerpt":{"rendered":"<p>JEFA DE PROGRAMA: Dra. Florencia Soto Campos JEFA DE SECTOR EPIDEMIOLOG\u00cdA Y CALIDAD: Lic. Paula Carolina Carrizo Misi\u00f3n Coordinar las<\/p>\n","protected":false},"author":2,"featured_media":0,"parent":0,"menu_order":0,"comment_status":"closed","ping_status":"closed","template":"","meta":{"footnotes":""},"class_list":["post-238","page","type-page","status-publish","hentry"],"yoast_head":"<!-- This site is optimized with the Yoast SEO plugin v18.0 - https:\/\/yoast.com\/wordpress\/plugins\/seo\/ -->\n<title>Programa Salud - Hospital Dr. Arturo O\u00f1ativia<\/title>\n<meta name=\"robots\" content=\"index, follow, max-snippet:-1, max-image-preview:large, max-video-preview:-1\" \/>\n<link rel=\"canonical\" href=\"https:\/\/www.hospitalonativia.gob.ar\/?page_id=238\" \/>\n<meta property=\"og:locale\" content=\"es_ES\" \/>\n<meta property=\"og:type\" content=\"article\" \/>\n<meta property=\"og:title\" content=\"Programa Salud - Hospital Dr. Arturo O\u00f1ativia\" \/>\n<meta property=\"og:description\" content=\"JEFA DE PROGRAMA: Dra. Florencia Soto Campos JEFA DE SECTOR EPIDEMIOLOG\u00cdA Y CALIDAD: Lic. Paula Carolina Carrizo Misi\u00f3n Coordinar las\" \/>\n<meta property=\"og:url\" content=\"https:\/\/www.hospitalonativia.gob.ar\/?page_id=238\" \/>\n<meta property=\"og:site_name\" content=\"Hospital Dr. Arturo O\u00f1ativia\" \/>\n<meta property=\"article:modified_time\" content=\"2017-09-27T01:40:16+00:00\" \/>\n<meta name=\"twitter:card\" content=\"summary_large_image\" \/>\n<meta name=\"twitter:label1\" content=\"Tiempo de lectura\" \/>\n\t<meta name=\"twitter:data1\" content=\"2 minutos\" \/>\n<script type=\"application\/ld+json\" class=\"yoast-schema-graph\">{\"@context\":\"https:\/\/schema.org\",\"@graph\":[{\"@type\":\"WebSite\",\"@id\":\"https:\/\/www.hospitalonativia.gob.ar\/#website\",\"url\":\"https:\/\/www.hospitalonativia.gob.ar\/\",\"name\":\"Hospital Dr. Arturo O\u00f1ativia\",\"description\":\"Salta Capital\",\"potentialAction\":[{\"@type\":\"SearchAction\",\"target\":{\"@type\":\"EntryPoint\",\"urlTemplate\":\"https:\/\/www.hospitalonativia.gob.ar\/?s={search_term_string}\"},\"query-input\":\"required name=search_term_string\"}],\"inLanguage\":\"es\"},{\"@type\":\"WebPage\",\"@id\":\"https:\/\/www.hospitalonativia.gob.ar\/?page_id=238#webpage\",\"url\":\"https:\/\/www.hospitalonativia.gob.ar\/?page_id=238\",\"name\":\"Programa Salud - Hospital Dr. Arturo O\u00f1ativia\",\"isPartOf\":{\"@id\":\"https:\/\/www.hospitalonativia.gob.ar\/#website\"},\"datePublished\":\"2016-11-04T12:36:04+00:00\",\"dateModified\":\"2017-09-27T01:40:16+00:00\",\"breadcrumb\":{\"@id\":\"https:\/\/www.hospitalonativia.gob.ar\/?page_id=238#breadcrumb\"},\"inLanguage\":\"es\",\"potentialAction\":[{\"@type\":\"ReadAction\",\"target\":[\"https:\/\/www.hospitalonativia.gob.ar\/?page_id=238\"]}]},{\"@type\":\"BreadcrumbList\",\"@id\":\"https:\/\/www.hospitalonativia.gob.ar\/?page_id=238#breadcrumb\",\"itemListElement\":[{\"@type\":\"ListItem\",\"position\":1,\"name\":\"Portada\",\"item\":\"https:\/\/www.hospitalonativia.gob.ar\/\"},{\"@type\":\"ListItem\",\"position\":2,\"name\":\"Programa Salud\"}]}]}<\/script>\n<!-- \/ Yoast SEO plugin. -->","yoast_head_json":{"title":"Programa Salud - Hospital Dr. Arturo O\u00f1ativia","robots":{"index":"index","follow":"follow","max-snippet":"max-snippet:-1","max-image-preview":"max-image-preview:large","max-video-preview":"max-video-preview:-1"},"canonical":"https:\/\/www.hospitalonativia.gob.ar\/?page_id=238","og_locale":"es_ES","og_type":"article","og_title":"Programa Salud - Hospital Dr. Arturo O\u00f1ativia","og_description":"JEFA DE PROGRAMA: Dra. Florencia Soto Campos JEFA DE SECTOR EPIDEMIOLOG\u00cdA Y CALIDAD: Lic. Paula Carolina Carrizo Misi\u00f3n Coordinar las","og_url":"https:\/\/www.hospitalonativia.gob.ar\/?page_id=238","og_site_name":"Hospital Dr. Arturo O\u00f1ativia","article_modified_time":"2017-09-27T01:40:16+00:00","twitter_card":"summary_large_image","twitter_misc":{"Tiempo de lectura":"2 minutos"},"schema":{"@context":"https:\/\/schema.org","@graph":[{"@type":"WebSite","@id":"https:\/\/www.hospitalonativia.gob.ar\/#website","url":"https:\/\/www.hospitalonativia.gob.ar\/","name":"Hospital Dr. Arturo O\u00f1ativia","description":"Salta Capital","potentialAction":[{"@type":"SearchAction","target":{"@type":"EntryPoint","urlTemplate":"https:\/\/www.hospitalonativia.gob.ar\/?s={search_term_string}"},"query-input":"required name=search_term_string"}],"inLanguage":"es"},{"@type":"WebPage","@id":"https:\/\/www.hospitalonativia.gob.ar\/?page_id=238#webpage","url":"https:\/\/www.hospitalonativia.gob.ar\/?page_id=238","name":"Programa Salud - Hospital Dr. Arturo O\u00f1ativia","isPartOf":{"@id":"https:\/\/www.hospitalonativia.gob.ar\/#website"},"datePublished":"2016-11-04T12:36:04+00:00","dateModified":"2017-09-27T01:40:16+00:00","breadcrumb":{"@id":"https:\/\/www.hospitalonativia.gob.ar\/?page_id=238#breadcrumb"},"inLanguage":"es","potentialAction":[{"@type":"ReadAction","target":["https:\/\/www.hospitalonativia.gob.ar\/?page_id=238"]}]},{"@type":"BreadcrumbList","@id":"https:\/\/www.hospitalonativia.gob.ar\/?page_id=238#breadcrumb","itemListElement":[{"@type":"ListItem","position":1,"name":"Portada","item":"https:\/\/www.hospitalonativia.gob.ar\/"},{"@type":"ListItem","position":2,"name":"Programa Salud"}]}]}},"_links":{"self":[{"href":"https:\/\/www.hospitalonativia.gob.ar\/index.php?rest_route=\/wp\/v2\/pages\/238"}],"collection":[{"href":"https:\/\/www.hospitalonativia.gob.ar\/index.php?rest_route=\/wp\/v2\/pages"}],"about":[{"href":"https:\/\/www.hospitalonativia.gob.ar\/index.php?rest_route=\/wp\/v2\/types\/page"}],"author":[{"embeddable":true,"href":"https:\/\/www.hospitalonativia.gob.ar\/index.php?rest_route=\/wp\/v2\/users\/2"}],"replies":[{"embeddable":true,"href":"https:\/\/www.hospitalonativia.gob.ar\/index.php?rest_route=%2Fwp%2Fv2%2Fcomments&post=238"}],"version-history":[{"count":4,"href":"https:\/\/www.hospitalonativia.gob.ar\/index.php?rest_route=\/wp\/v2\/pages\/238\/revisions"}],"predecessor-version":[{"id":1262,"href":"https:\/\/www.hospitalonativia.gob.ar\/index.php?rest_route=\/wp\/v2\/pages\/238\/revisions\/1262"}],"wp:attachment":[{"href":"https:\/\/www.hospitalonativia.gob.ar\/index.php?rest_route=%2Fwp%2Fv2%2Fmedia&parent=238"}],"curies":[{"name":"wp","href":"https:\/\/api.w.org\/{rel}","templated":true}]}}