{"id":813,"date":"2017-06-15T10:09:58","date_gmt":"2017-06-15T13:09:58","guid":{"rendered":"http:\/\/www.hospitalonativia.gob.ar\/?page_id=813"},"modified":"2017-07-03T20:47:19","modified_gmt":"2017-07-03T23:47:19","slug":"biografia-del-dr-arturo-onativia","status":"publish","type":"page","link":"https:\/\/www.hospitalonativia.gob.ar\/?page_id=813","title":{"rendered":"Biograf\u00eda del Dr. Arturo O\u00f1ativia"},"content":{"rendered":"<div style=\"padding: 12px; background-color: lightgrey; border: 2px solid grey;\">\n<h6><span style=\"font-size: 12pt; font-family: arial, helvetica, sans-serif;\"><img loading=\"lazy\" decoding=\"async\" class=\"size-medium wp-image-849 alignright\" src=\"http:\/\/www.hospitalonativia.gob.ar\/wp-content\/uploads\/2017\/06\/o\u00f1aticia-209x300.jpg\" alt=\"\" width=\"209\" height=\"300\" srcset=\"https:\/\/www.hospitalonativia.gob.ar\/wp-content\/uploads\/2017\/06\/o\u00f1aticia-209x300.jpg 209w, https:\/\/www.hospitalonativia.gob.ar\/wp-content\/uploads\/2017\/06\/o\u00f1aticia.jpg 223w\" sizes=\"(max-width: 209px) 100vw, 209px\" \/>Un salte\u00f1o que honr\u00f3 a su provincia como M\u00e9dico, Docente, Investigador, Pol\u00edtico, Hacedor de obras trascendentes, de acrisolada honradez y transparencia, reconocido por amigos \u00a0y adversarios. Su personalidad multifac\u00e9tica se destac\u00f3 en los campos que le toc\u00f3 actuar dejando la impronta que lo caracterizaba.<\/span><\/h6>\n<h6><span style=\"font-size: 12pt; font-family: arial, helvetica, sans-serif;\">EL Dr. Arturo O\u00f1ativia, naci\u00f3 en Salta el 16 de Abril en 1914, curs\u00f3 sus estudios primarios y secundarios en nuestra ciudad, egresando del Bachiller del Colegio Nacional de Salta en el a\u00f1o 1932.<\/span><br \/>\n<span style=\"font-size: 12pt; font-family: arial, helvetica, sans-serif;\"> Curs\u00f3 sus estudios universitarios en la Facultad de Ciencias M\u00e9dicas de la Universidad de la Ciudad de Buenos Aires, obteniendo el t\u00edtulo de Doctor en Medicina en el a\u00f1o 1940, con la calificaci\u00f3n de sobresaliente. Su tesis vers\u00f3 sobre: \u201cEstudio Cl\u00ednico del S\u00edndrome Adiposo Genital\u201d<\/span><\/h6>\n<h6><span style=\"font-size: 12pt; font-family: arial, helvetica, sans-serif;\">Fue m\u00e9dico concurrente en el Servicio de Cl\u00ednica M\u00e9dica del Profesor Dr.\u00a0<\/span><span style=\"font-size: 12pt; font-family: arial, helvetica, sans-serif;\">Jos\u00e9 W. Tob\u00edas, en la sala VII del Hospital Torcuato de Alvear y luego M\u00e9dico Asistente desde 1941 a 1943. Concurri\u00f3 posteriormente a la secci\u00f3n Endocrinolog\u00eda del Instituto de Semiolog\u00eda Dr. Gregorio Ar\u00e1oz Alfaro, en el Hospital Nacional de Cl\u00ednicas.<\/span><\/h6>\n<h6><span style=\"font-size: 12pt; font-family: arial, helvetica, sans-serif;\">En 1942 gan\u00f3 un concurso de t\u00edtulo y antecedentes para cubrir el cargo de m\u00e9dico Asistente en la especialidad de Endocrinolog\u00eda en la sala XVII del Hospital Rivadavia, bajo la jefatura del Profesor Dr. Enrique del Castillo. En este servicio lleg\u00f3 a Jefe de Cl\u00ednica. Para completar su especializaci\u00f3n realiz\u00f3 cursos de post-grado bajo la direcci\u00f3n del mismo docente.<\/span><\/h6>\n<h6><span style=\"font-size: 12pt; font-family: arial, helvetica, sans-serif;\">Durante su permanencia en Buenos Aires, ejerci\u00f3 la medicina privada en la Cl\u00ednica Marini, en la especialidad Endocrinolog\u00eda y Nutrici\u00f3n, donde fue jefe de Cl\u00ednica.<\/span><\/h6>\n<h6><span style=\"font-size: 12pt; font-family: arial, helvetica, sans-serif;\">Como M\u00e9dico Cl\u00ednico se destac\u00f3 por su capacidad de observaci\u00f3n, el examen prolijo del paciente y su actitud reservada, era anal\u00edtico y con gran capacidad de s\u00edntesis; sus diagn\u00f3sticos de certeza\u00a0<\/span><\/h6>\n<p><img loading=\"lazy\" decoding=\"async\" class=\"size-full wp-image-814 alignright\" style=\"font-family: arial, helvetica, sans-serif; font-weight: bold;\" src=\"http:\/\/www.hospitalonativia.gob.ar\/wp-content\/uploads\/2017\/06\/Dr.-o\u00f1ativia-con-paciente.jpg\" alt=\"\" width=\"247\" height=\"161\" \/><\/p>\n<h6><span style=\"font-size: 12pt; font-family: arial, helvetica, sans-serif;\">traduc\u00edan seguridad y por sobre todo se percib\u00eda su gran humanismo.\u00a0Era buen psic\u00f3logo, en los primeros minutos ten\u00eda en claro la personalidad del enfermo y el motivo que lo aflig\u00eda.<\/span><\/h6>\n<h6><span style=\"font-size: 12pt; font-family: arial, helvetica, sans-serif;\">En forma paralela a\u00a0sus\u00a0actividades m\u00e9dicas, realizaba tareas de docente, actividad para la que ten\u00eda especiales aptitudes y condiciones que\u00a0las desarrollaba \u00a0junto a esos dos grandes maestros de la medicina argentina: el profesor Dr. Jos\u00e9 W. Tob\u00edas en la c\u00e1tedra de Cl\u00ednica M\u00e9dica y el Profesor Dr. Enrique del Castillo en los cursos de post grado de la especialidad, que dictaba anualmente en el Hospital Rivadavia.<\/span><\/h6>\n<h6><span style=\"font-size: 12pt; font-family: arial, helvetica, sans-serif;\">Como investigador fue un observador objetivo, sistem\u00e1tico, tenaz y perseverante, realiz\u00f3 numerosos trabajos, s\u00f3lo o con investigadores de la talla de los docentes anteriormente citados y otros de reconocido prestigio en la medicina argentina que merecen recordarse tales como Rucco, del Buce, Trabuco, de Majo. En total realiz\u00f3 32 publicaciones de revistas nacionales y extranjeras. Las comunicaciones en congresos, jornadas, reuniones cient\u00edficas fueron numerosas, imposibles de detallar en este recordatorio. Realiz\u00f3 traducciones de libro de la especialidad y particip\u00f3 con otros autores en la redacci\u00f3n de libros de Endocrinolog\u00eda.<\/span><\/h6>\n<h6><span style=\"font-size: 12pt; font-family: arial, helvetica, sans-serif;\">Con una s\u00f3lida formaci\u00f3n m\u00e9dica, despu\u00e9s de ejercer la profesi\u00f3n durante 15 a\u00f1os en la ciudad de Buenos Aires, fue transferido en el a\u00f1o 1955 al Centro Sanitario de la Delegaci\u00f3n Sanitaria Federal de la ciudad de Salta, en calidad de Jefe de Cl\u00ednica y en 1957 como Delegado, cargo al que renunci\u00f3 en 1958.<\/span><\/h6>\n<h6><span style=\"font-size: 12pt; font-family: arial, helvetica, sans-serif;\">En Salta comenz\u00f3 la gran tarea que ven\u00eda madurando en el transcurso de su formaci\u00f3n profesional: la creaci\u00f3n y organizaci\u00f3n del Instituto del Bocio. Su objetivo era controlar la endemia Bocio Cret\u00ednica que afectaba a gran parte de la poblaci\u00f3n de la regi\u00f3n pre-cordillerana argentina, muy especialmente el NOA. Las encuestas realizadas en la provincia de Salta pon\u00eda de manifiesto una prevalencia del 41% en los ni\u00f1os es edad escolar, en tanto en el valle de Lerma la misma ascend\u00eda al 100% de los ni\u00f1os. El Cretinismo era frecuente, no hab\u00eda pueblo o localidad que no contara con alg\u00fan c\u00e9lebre representante. Esta endemia afectaba el potencial psico-intelectual y desde luego la capacidad de desarrollo econ\u00f3mico-social de cuan extensa regi\u00f3n argentina.<\/span><\/h6>\n<h6><span style=\"font-size: 12pt; font-family: arial, helvetica, sans-serif;\">En esta empresa se pusieron de manifiesto su enorme capacidad de organizaci\u00f3n y conducci\u00f3n para llevar adelante esta tarea, que requer\u00eda de s\u00f3lidos conocimientos\u00a0m\u00e9dicos, f\u00e9rrea voluntad, constancia, idealismo y dedicaci\u00f3n.<\/span><\/h6>\n<h6><span style=\"font-size: 12pt; font-family: arial, helvetica, sans-serif;\">Con ese capital emprende la tarea de poner en marcha el proyecto de creaci\u00f3n del Instituto del Bocio,<\/span><\/h6>\n<h6><span style=\"font-size: 12pt; font-family: arial, helvetica, sans-serif;\">m\u00e1s tarde de Endocrinolog\u00eda. Su habilidad y diplomacia hacen que del mismo participen el Gobierno de la Provincia, la Universidad de Tucum\u00e1n, el Ministerio de Salud P\u00fablica de la Naci\u00f3n y la Cooperadora Asistencial del Instituto.<\/span><\/h6>\n<h6><span style=\"font-size: 12pt; font-family: arial, helvetica, sans-serif;\">Cont\u00f3 con la colaboraci\u00f3n generosa de los comerciantes, empresarios del medio y la poblaci\u00f3n en general. Supo despertar confianza en sus emprendimientos \u00a0ya que no defraud\u00f3 nunca, cumpliendo con las expectativas creadas.<\/span><br \/>\n<span style=\"font-size: 12pt; font-family: arial, helvetica, sans-serif;\"> El Instituto del Bocio, que funcion\u00f3 en un primer tiempo en un ala del Policl\u00ednico Regional San Bernardo, fue inaugurado oficialmente el 19 de febrero de 1958, y previo concurso de t\u00edtulos, antecedentes y trabajos, se nombr\u00f3 al\u00a0Dr. Arturo O\u00f1ativia\u00a0como su director. En el aspecto docente concret\u00f3 la firma de un convenio con la Universidad de Tucum\u00e1n, con la que desarroll\u00f3 una intensa actividad cient\u00edfica, de investigaci\u00f3n y de formaci\u00f3n de recursos humanos, ocupando en octubre de 1960 el cargo de Director del Instituto en la Facultad de Medicina de Tucum\u00e1n.<\/span><\/h6>\n<h6><span style=\"font-size: 12pt; font-family: arial, helvetica, sans-serif;\">Cabe se\u00f1alar que este cargo de Director al que accedi\u00f3 el Dr. O\u00f1ativia, fue concursado ante tribunales de esa Universidad. Los principales cargos de jefatura fueron cubiertos por el mismo m\u00e9todo. En realidad fueron dos los Institutos de Endocrinolog\u00eda que funcionaban juntos, en el mismo edificio, con el mismo director e id\u00e9nticos profesionales m\u00e9dicos: uno, provincial, se ocupaba de la profilaxis y de la asistencia social de la comunidad y de la atenci\u00f3n m\u00e9dico quir\u00fargica de los enfermos de la endemia bocio-cret\u00ednica; el otro, universitario, se dedicaba a la docencia y a la investigaci\u00f3n de dicho padecimiento.<\/span><\/h6>\n<h6><span style=\"font-size: 12pt; font-family: arial, helvetica, sans-serif;\">En la instituci\u00f3n se realizaba anualmente un curso de post-grado en Endocrinolog\u00eda, a los que asist\u00edan alumnos del \u00faltimo a\u00f1o de la carrera de Medicina.<\/span><\/h6>\n<h6><span style=\"font-size: 12pt; font-family: arial, helvetica, sans-serif;\">El Instituto fue modelo de organizaci\u00f3n hospitalaria en la atenci\u00f3n de pacientes, en la producci\u00f3n cient\u00edfica y en la capacitaci\u00f3n personal. La actividad docente al lado de la cama del paciente y en Ateneos An\u00e1tomos Cl\u00ednicos semanales fueron alguna de las modalidades de la ense\u00f1anza. La interrelaci\u00f3n con otras instituciones del pa\u00eds y del extranjero facilitaron mediante becas la formaci\u00f3n y\/o actualizaci\u00f3n de los profesionales, llevando a la instituci\u00f3n brindar una atenci\u00f3n de alta calidad y excelencia, reconocida no solamente en el pa\u00eds. Su prestigio trascendi\u00f3 las fronteras. De numerosos pa\u00edses vecinos se trasladaban los pacientes para su diagn\u00f3stico y tratamiento. Por otra parte nunca perdi\u00f3 su orientaci\u00f3n comunitaria y el enfoque epidemiol\u00f3gico de la endemia. Se realizaron numerosas encuestas de Bocio en escolares para determinar la prevalencia y evaluar la situaci\u00f3n.<\/span><\/h6>\n<h6><span style=\"font-size: 12pt; font-family: arial, helvetica, sans-serif;\">En resumen un Centro M\u00e9dico de Alta Complejidad que realiz\u00f3 una labor m\u00e9dica, cient\u00edfica y de investigaci\u00f3n cl\u00ednica y epidemiol\u00f3gica de alta eficacia. Logr\u00f3 controlar la endemia Bocio Cret\u00ednica, traduciendo en obras la tan mentada transferencia a la comunidad. Se distingui\u00f3 por su labor docente y de investigaci\u00f3n para prestigio de la provincia y del pa\u00eds. Las transformaciones materiales que se han producido desde entonces, fueron un reto a enfrentar por los equipos de direcci\u00f3n de la Instituci\u00f3n en el camino de su mejora.<\/span><\/h6>\n<h6><span style=\"font-size: 12pt; font-family: arial, helvetica, sans-serif;\">\u00a0Milit\u00f3 activamente en la pol\u00edtica desde las filas de la Uni\u00f3n C\u00edvica Radical, ocupando importantes cargos directivos, inclusive la Presidencia de la misma en la agrupaci\u00f3n de Salta; siendo adem\u00e1s postulado a distintos cargos electivos y, al de Gobernador. En esas elecciones de 1962 no acept\u00f3 la designaci\u00f3n de Senador Nacional con que hab\u00eda resuelto ungirlo la Legislatura Provincial; pero, en octubre de 1963, el Presidente de la Naci\u00f3n, Dr. Arturo Umberto Illia, en m\u00e9rito a sus antecedentes profesionales, lo llama a colaborar en su gabinete de gobierno desde el cargo de Ministro de Asistencia Social y Salud P\u00fablica de la Naci\u00f3n.<\/span><\/h6>\n<h6><span style=\"font-size: 12pt; font-family: arial, helvetica, sans-serif;\">Como Ministro complet\u00f3 su tarea en lo que hace a la prevenci\u00f3n del Bocio End\u00e9mico, con la Ley Nacional de Iodaci\u00f3n de la Sal de Consumo Dom\u00e9stico que logr\u00f3 pr\u00e1cticamente la erradicaci\u00f3n de la endemia bociosa. Con esta ley, se reglament\u00f3 el enriquecimiento de la sal con yodo para uso alimentario humano y animal. Esta ley se fundament\u00f3 en estudios realizados en diferentes provincias, como Catamarca, Chaco, Formosa, Jujuy, La Pampa, La Rioja, Mendoza, Misiones, Neuqu\u00e9n, San Juan, San Luis, Salta, Tucum\u00e1n y Tierra del Fuego, en las que el \u00edndice de bocio oscilaba entre el 12 y el 50 por ciento. Tambi\u00e9n se consider\u00f3 el uso de sal enriquecida para la alimentaci\u00f3n animal, ya que al tener la carne un muy alto consumo en nuestro pa\u00eds, era bueno que la sal enriquecida llegar al ser humano a trav\u00e9s de esa v\u00eda. Adem\u00e1s, se detect\u00f3 que en el ganado lanar, vacuno y porcino, la carencia de yodo alteraba su reproducci\u00f3n y su pelaje, acarreando consecuencias adversas incluso desde el punto de vista econ\u00f3mico. Con esto dio cabal cumplimiento a los objetivos que se propuso lograr en ese campo.<\/span><\/h6>\n<h6><span style=\"font-size: 12pt; font-family: arial, helvetica, sans-serif;\">Su gesti\u00f3n al frente del Ministerio Nacional se caracteriz\u00f3 por la intensa actividad realizada para el desarrollo de la salud P\u00fablica, entre las mismas merecen citarse:<\/span><\/h6>\n<ul>\n<li>\n<h6><span style=\"font-size: 12pt; font-family: arial, helvetica, sans-serif;\">La reforma del Sistema Hospitalario Nacional tal como Ley de Hospitales de Comunidad. En ese r\u00e9gimen funcionaron los Hospitales Nacionales de Gonet y de Mar del Plata que fueron un ejemplo de organizaci\u00f3n hasta mucho despu\u00e9s de su gesti\u00f3n.<\/span><\/h6>\n<\/li>\n<li>\n<h6><span style=\"font-size: 12pt; font-family: arial, helvetica, sans-serif;\">La creaci\u00f3n del Servicio Nacional de Agua Potable destinado a la provisi\u00f3n de este elemento vital a las comunidades rurales.<\/span><\/h6>\n<\/li>\n<li>\n<h6><span style=\"font-size: 12pt; font-family: arial, helvetica, sans-serif;\">La Ley de medicamentos (Ley O\u00f1ativia) de 1964, restableci\u00f3 una pol\u00edtica de precios y de control de medicamentos y receta seg\u00fan medicamento gen\u00e9rico, fijaba l\u00edmites para los gastos de publicidad, y a los pagos al exterior en concepto de regal\u00edas y de compra de insumos. Esta ley, calificada de comunista por los sectores militares y las grandes empresas extranjeras, tuvo un peso decisivo en el proceso que culminar\u00eda con el Golpe militar que derroc\u00f3 al gobierno democr\u00e1tico de Illia el 28 de junio de 1966. Una de las primeras medidas de los golpistas fue la anulaci\u00f3n de esta Ley.<\/span><\/h6>\n<\/li>\n<li>\n<h6><span style=\"font-size: 12pt; font-family: arial, helvetica, sans-serif;\">La escuela de Salud P\u00fablica de la Universidad de Buenos Aires recibi\u00f3 un fuerte impulso durante su gesti\u00f3n lo que la consolid\u00f3 y permiti\u00f3 la formaci\u00f3n de toda una generaci\u00f3n de Sanitaristas argentinos y extranjeros.<\/span><\/h6>\n<\/li>\n<\/ul>\n<h6><span style=\"font-size: 12pt; font-family: arial, helvetica, sans-serif;\">Su tarea como Ministro de la Naci\u00f3n fue amplia, extensa y profunda, respetada por sus adversarios pol\u00edticos.<\/span><\/h6>\n<h6><span style=\"font-size: 12pt; font-family: arial, helvetica, sans-serif;\">De regreso a Salta lo hizo en la pobreza.<\/span><\/h6>\n<h6><span style=\"font-size: 12pt; font-family: arial, helvetica, sans-serif;\">Bajo la dictadura, fue dejado cesante en el Instituto del Bocio. Pero no se detuvo: dirigi\u00f3 su atenci\u00f3n a la grave desnutrici\u00f3n infantil que asolaba el Noroeste y era causa importante de morbimortalidad infantil, asociada con la infecci\u00f3n.<\/span><\/h6>\n<h6><span style=\"font-size: 12pt; font-family: arial, helvetica, sans-serif;\">Cre\u00f3 el Instituto de Investigaci\u00f3n en Enfermedades Nutricionales, la carrera de Licenciatura en Nutrici\u00f3n, y la de Enfermer\u00eda Universitaria.<\/span><\/h6>\n<h6><span style=\"font-size: 12pt; font-family: arial, helvetica, sans-serif;\">Si bien ten\u00eda el apoyo de la Universidad de Salta y de la OPS, este valioso proyecto se interrumpi\u00f3 por falta de apoyo estatal.<\/span><\/h6>\n<h6><span style=\"font-size: 12pt; font-family: arial, helvetica, sans-serif;\">Nunca abandon\u00f3 la docencia, que ejerci\u00f3 a la par de sus notables estudios cl\u00ednicos y epidemiol\u00f3gicos.<\/span><\/h6>\n<h6><span style=\"font-size: 12pt; font-family: arial, helvetica, sans-serif;\">El doctor Arturo O\u00f1ativia, a pesar de todos los avatares, disfrut\u00f3 de un gran reconocimiento por parte de la comunidad cient\u00edfica y de la poblaci\u00f3n en general. Recibi\u00f3 innumerables premios, como el otorgado por la Sociedad de Medicina Interna de Buenos Aires al mejor trabajo cient\u00edfico realizado en 1954. Obtuvo el Premio Mariano Castex entregado por la Academia Nacional de Medicina en 1970, el Premio Essex de la Sociedad Argentina de Progresos en Medicina Interna en 1975, el Premio al M\u00e9rito Distinguido del C\u00edrculo M\u00e9dico de Salta en 1984, la Medalla de Oro otorgada por el Servicio Nacional de Agua Potable(SNAP) al cumplirse los veinte a\u00f1os de su creaci\u00f3n. Tambi\u00e9n la Fundaci\u00f3n Konex le entreg\u00f3 en diploma de Honor y el Konex de platino en 1983, en la especialidad de bromatolog\u00eda.<\/span><\/h6>\n<h6><span style=\"font-size: 12pt; font-family: arial, helvetica, sans-serif;\">Fue miembro de la Academia de Medicina de C\u00f3rdoba y de la Academia Nacional de Medicina.<\/span><\/h6>\n<h6><span style=\"font-size: 12pt; font-family: arial, helvetica, sans-serif;\">En 1983 cuando se aprestaba a competir en las elecciones de octubre como candidato a gobernador por Salta, cay\u00f3 abatido por su enfermedad. Falleci\u00f3 el 1 de abril de 1985.<\/span><\/h6>\n<p><span style=\"font-size: 12pt;\"><em>* Fuente: Storani, ME. Doctor Arturo O\u00f1ativia.<\/em><\/span><\/p>\n<p>____________________________________________________________________<\/p>\n<p><span style=\"color: #800080;\"><strong>LEY 7522<\/strong><\/span><\/p>\n<p>Esta Ley se sancion\u00f3 el d\u00eda 18 de Septiembre de 2008.<\/p>\n<p>Fue publicada en el Bolet\u00edn Oficial de Salta N\u00ba 17972, el d\u00eda 17 de Octubre de 2008.<\/p>\n<p>PROMULGADA POR DECRETO N\u00ba 4456 DEL 09\/10\/2008\/ &#8211;<\/p>\n<p>&nbsp;<\/p>\n<p><span style=\"color: #800080;\"><strong><em>ESTABLECE EL D\u00cdA 16 DE ABRIL COMO EL \u201cD\u00cdA DEL M\u00c9DICO SALTE\u00d1O\u201d, EN CONMEMORACI\u00d3N DEL NATALICIO DEL DR. ARTURO O\u00d1ATIVIA. <\/em><\/strong><\/span><\/p>\n<p>Ref.: Expte. N\u00ba 91 \u2013 19.844\/08<\/p>\n<p>El Senado y la C\u00e1mara de Diputados de la Provincia de Salta, sancionan con fuerza de LEY: Art\u00edculo 1\u00ba.- Establ\u00e9cese como el \u201cD\u00eda del M\u00e9dico Salte\u00f1o\u201d, el 16 de abril de cada a\u00f1o, en conmemoraci\u00f3n del natalicio del Dr. Arturo O\u00f1ativia. Art\u00edculo 2\u00ba.- Comun\u00edquese al poder Ejecutivo. Dada en la sala de sesiones de la legislatura de la Provincia de Salta, a los dieciocho d\u00edas del mes de setiembre del a\u00f1o dos mil ocho. Salta, 9 de Octubre de 2008. DECRETO N\u00ba 4456 Ministerio de Salud P\u00fablica Expediente N\u00ba 91-19.844\/08 Referente. Por ello, El Gobernador de la Provincia de Salta, DECRETA: Art\u00edculo 1\u00ba.- T\u00e9ngase por Ley de la provincia N\u00ba 7522, c\u00famplase, comun\u00edquese, publ\u00edquese, ins\u00e9rtese en el Registro Oficial de Leyes y arch\u00edvese.<\/p>\n<p>URTUBEY \u2013 Querio \u2013 Samson<\/p>\n<p>Firmantes: Godoy \u2013 Lapad \u2013 Corregidor \u2013 L\u00f3pez Mirau<\/p>\n<\/div>\n","protected":false},"excerpt":{"rendered":"<p>Un salte\u00f1o que honr\u00f3 a su provincia como M\u00e9dico, Docente, Investigador, Pol\u00edtico, Hacedor de obras trascendentes, de acrisolada honradez y<\/p>\n","protected":false},"author":2,"featured_media":0,"parent":0,"menu_order":0,"comment_status":"closed","ping_status":"closed","template":"","meta":{"footnotes":""},"class_list":["post-813","page","type-page","status-publish","hentry"],"yoast_head":"<!-- This site is optimized with the Yoast SEO plugin v18.0 - https:\/\/yoast.com\/wordpress\/plugins\/seo\/ -->\n<title>Biograf\u00eda del Dr. Arturo O\u00f1ativia - Hospital Dr. Arturo O\u00f1ativia<\/title>\n<meta name=\"robots\" content=\"index, follow, max-snippet:-1, max-image-preview:large, max-video-preview:-1\" \/>\n<link rel=\"canonical\" href=\"https:\/\/www.hospitalonativia.gob.ar\/?page_id=813\" \/>\n<meta property=\"og:locale\" content=\"es_ES\" \/>\n<meta property=\"og:type\" content=\"article\" \/>\n<meta property=\"og:title\" content=\"Biograf\u00eda del Dr. Arturo O\u00f1ativia - Hospital Dr. Arturo O\u00f1ativia\" \/>\n<meta property=\"og:description\" content=\"Un salte\u00f1o que honr\u00f3 a su provincia como M\u00e9dico, Docente, Investigador, Pol\u00edtico, Hacedor de obras trascendentes, de acrisolada honradez y\" \/>\n<meta property=\"og:url\" content=\"https:\/\/www.hospitalonativia.gob.ar\/?page_id=813\" \/>\n<meta property=\"og:site_name\" content=\"Hospital Dr. Arturo O\u00f1ativia\" \/>\n<meta property=\"article:modified_time\" content=\"2017-07-03T23:47:19+00:00\" \/>\n<meta property=\"og:image\" content=\"http:\/\/www.hospitalonativia.gob.ar\/wp-content\/uploads\/2017\/06\/o\u00f1aticia-209x300.jpg\" \/>\n<meta name=\"twitter:card\" content=\"summary_large_image\" \/>\n<meta name=\"twitter:label1\" content=\"Tiempo de lectura\" \/>\n\t<meta name=\"twitter:data1\" content=\"12 minutos\" \/>\n<script type=\"application\/ld+json\" class=\"yoast-schema-graph\">{\"@context\":\"https:\/\/schema.org\",\"@graph\":[{\"@type\":\"WebSite\",\"@id\":\"https:\/\/www.hospitalonativia.gob.ar\/#website\",\"url\":\"https:\/\/www.hospitalonativia.gob.ar\/\",\"name\":\"Hospital Dr. Arturo O\u00f1ativia\",\"description\":\"Salta Capital\",\"potentialAction\":[{\"@type\":\"SearchAction\",\"target\":{\"@type\":\"EntryPoint\",\"urlTemplate\":\"https:\/\/www.hospitalonativia.gob.ar\/?s={search_term_string}\"},\"query-input\":\"required name=search_term_string\"}],\"inLanguage\":\"es\"},{\"@type\":\"ImageObject\",\"@id\":\"https:\/\/www.hospitalonativia.gob.ar\/?page_id=813#primaryimage\",\"inLanguage\":\"es\",\"url\":\"http:\/\/www.hospitalonativia.gob.ar\/wp-content\/uploads\/2017\/06\/o\u00f1aticia-209x300.jpg\",\"contentUrl\":\"http:\/\/www.hospitalonativia.gob.ar\/wp-content\/uploads\/2017\/06\/o\u00f1aticia-209x300.jpg\"},{\"@type\":\"WebPage\",\"@id\":\"https:\/\/www.hospitalonativia.gob.ar\/?page_id=813#webpage\",\"url\":\"https:\/\/www.hospitalonativia.gob.ar\/?page_id=813\",\"name\":\"Biograf\u00eda del Dr. Arturo O\u00f1ativia - Hospital Dr. Arturo O\u00f1ativia\",\"isPartOf\":{\"@id\":\"https:\/\/www.hospitalonativia.gob.ar\/#website\"},\"primaryImageOfPage\":{\"@id\":\"https:\/\/www.hospitalonativia.gob.ar\/?page_id=813#primaryimage\"},\"datePublished\":\"2017-06-15T13:09:58+00:00\",\"dateModified\":\"2017-07-03T23:47:19+00:00\",\"breadcrumb\":{\"@id\":\"https:\/\/www.hospitalonativia.gob.ar\/?page_id=813#breadcrumb\"},\"inLanguage\":\"es\",\"potentialAction\":[{\"@type\":\"ReadAction\",\"target\":[\"https:\/\/www.hospitalonativia.gob.ar\/?page_id=813\"]}]},{\"@type\":\"BreadcrumbList\",\"@id\":\"https:\/\/www.hospitalonativia.gob.ar\/?page_id=813#breadcrumb\",\"itemListElement\":[{\"@type\":\"ListItem\",\"position\":1,\"name\":\"Portada\",\"item\":\"https:\/\/www.hospitalonativia.gob.ar\/\"},{\"@type\":\"ListItem\",\"position\":2,\"name\":\"Biograf\u00eda del Dr. Arturo O\u00f1ativia\"}]}]}<\/script>\n<!-- \/ Yoast SEO plugin. -->","yoast_head_json":{"title":"Biograf\u00eda del Dr. Arturo O\u00f1ativia - Hospital Dr. Arturo O\u00f1ativia","robots":{"index":"index","follow":"follow","max-snippet":"max-snippet:-1","max-image-preview":"max-image-preview:large","max-video-preview":"max-video-preview:-1"},"canonical":"https:\/\/www.hospitalonativia.gob.ar\/?page_id=813","og_locale":"es_ES","og_type":"article","og_title":"Biograf\u00eda del Dr. Arturo O\u00f1ativia - Hospital Dr. Arturo O\u00f1ativia","og_description":"Un salte\u00f1o que honr\u00f3 a su provincia como M\u00e9dico, Docente, Investigador, Pol\u00edtico, Hacedor de obras trascendentes, de acrisolada honradez y","og_url":"https:\/\/www.hospitalonativia.gob.ar\/?page_id=813","og_site_name":"Hospital Dr. Arturo O\u00f1ativia","article_modified_time":"2017-07-03T23:47:19+00:00","og_image":[{"url":"http:\/\/www.hospitalonativia.gob.ar\/wp-content\/uploads\/2017\/06\/o\u00f1aticia-209x300.jpg"}],"twitter_card":"summary_large_image","twitter_misc":{"Tiempo de lectura":"12 minutos"},"schema":{"@context":"https:\/\/schema.org","@graph":[{"@type":"WebSite","@id":"https:\/\/www.hospitalonativia.gob.ar\/#website","url":"https:\/\/www.hospitalonativia.gob.ar\/","name":"Hospital Dr. Arturo O\u00f1ativia","description":"Salta Capital","potentialAction":[{"@type":"SearchAction","target":{"@type":"EntryPoint","urlTemplate":"https:\/\/www.hospitalonativia.gob.ar\/?s={search_term_string}"},"query-input":"required name=search_term_string"}],"inLanguage":"es"},{"@type":"ImageObject","@id":"https:\/\/www.hospitalonativia.gob.ar\/?page_id=813#primaryimage","inLanguage":"es","url":"http:\/\/www.hospitalonativia.gob.ar\/wp-content\/uploads\/2017\/06\/o\u00f1aticia-209x300.jpg","contentUrl":"http:\/\/www.hospitalonativia.gob.ar\/wp-content\/uploads\/2017\/06\/o\u00f1aticia-209x300.jpg"},{"@type":"WebPage","@id":"https:\/\/www.hospitalonativia.gob.ar\/?page_id=813#webpage","url":"https:\/\/www.hospitalonativia.gob.ar\/?page_id=813","name":"Biograf\u00eda del Dr. Arturo O\u00f1ativia - Hospital Dr. Arturo O\u00f1ativia","isPartOf":{"@id":"https:\/\/www.hospitalonativia.gob.ar\/#website"},"primaryImageOfPage":{"@id":"https:\/\/www.hospitalonativia.gob.ar\/?page_id=813#primaryimage"},"datePublished":"2017-06-15T13:09:58+00:00","dateModified":"2017-07-03T23:47:19+00:00","breadcrumb":{"@id":"https:\/\/www.hospitalonativia.gob.ar\/?page_id=813#breadcrumb"},"inLanguage":"es","potentialAction":[{"@type":"ReadAction","target":["https:\/\/www.hospitalonativia.gob.ar\/?page_id=813"]}]},{"@type":"BreadcrumbList","@id":"https:\/\/www.hospitalonativia.gob.ar\/?page_id=813#breadcrumb","itemListElement":[{"@type":"ListItem","position":1,"name":"Portada","item":"https:\/\/www.hospitalonativia.gob.ar\/"},{"@type":"ListItem","position":2,"name":"Biograf\u00eda del Dr. Arturo O\u00f1ativia"}]}]}},"_links":{"self":[{"href":"https:\/\/www.hospitalonativia.gob.ar\/index.php?rest_route=\/wp\/v2\/pages\/813"}],"collection":[{"href":"https:\/\/www.hospitalonativia.gob.ar\/index.php?rest_route=\/wp\/v2\/pages"}],"about":[{"href":"https:\/\/www.hospitalonativia.gob.ar\/index.php?rest_route=\/wp\/v2\/types\/page"}],"author":[{"embeddable":true,"href":"https:\/\/www.hospitalonativia.gob.ar\/index.php?rest_route=\/wp\/v2\/users\/2"}],"replies":[{"embeddable":true,"href":"https:\/\/www.hospitalonativia.gob.ar\/index.php?rest_route=%2Fwp%2Fv2%2Fcomments&post=813"}],"version-history":[{"count":15,"href":"https:\/\/www.hospitalonativia.gob.ar\/index.php?rest_route=\/wp\/v2\/pages\/813\/revisions"}],"predecessor-version":[{"id":996,"href":"https:\/\/www.hospitalonativia.gob.ar\/index.php?rest_route=\/wp\/v2\/pages\/813\/revisions\/996"}],"wp:attachment":[{"href":"https:\/\/www.hospitalonativia.gob.ar\/index.php?rest_route=%2Fwp%2Fv2%2Fmedia&parent=813"}],"curies":[{"name":"wp","href":"https:\/\/api.w.org\/{rel}","templated":true}]}}